{"id":10544,"date":"2025-04-26T21:18:03","date_gmt":"2025-04-26T18:18:03","guid":{"rendered":"https:\/\/dualstudyabroad.co.uk\/?page_id=10544"},"modified":"2025-04-26T21:21:32","modified_gmt":"2025-04-26T18:21:32","slug":"isvicre-yaz-okullari","status":"publish","type":"page","link":"https:\/\/dualstudyabroad.co.uk\/en\/isvicre-yaz-okullari\/","title":{"rendered":"\u0130svi\u00e7re Yaz Okullar\u0131"},"content":{"rendered":"<div data-elementor-type=\"wp-page\" data-elementor-id=\"10544\" class=\"elementor elementor-10544\" data-elementor-post-type=\"page\">\n\t\t\t\t<div class=\"elementor-element elementor-element-4640dc5 e-flex e-con-boxed e-con e-parent\" data-id=\"4640dc5\" data-element_type=\"container\" data-e-type=\"container\">\n\t\t\t\t\t<div class=\"e-con-inner\">\n\t\t\r\n\r\n\t\t<div class=\"elementor-element elementor-element-6558010 elementor-widget elementor-widget-edurasectiontitle\" data-id=\"6558010\" data-element_type=\"widget\" data-e-type=\"widget\" data-widget_type=\"edurasectiontitle.default\">\n\t\t\t\t<div class=\"elementor-widget-container\">\n\t\t\t\t\t<div class=\"title-area mb-25\" ><span class=\"sub-title subtitle-selector\">Dual Study Abroad<\/span><h2 class=\"sec-title title-selector\">\u0130svi\u00e7re Yaz Okullar\u0131<\/h2><p class=\"desc-selector\">\u0130svi\u00e7re, y\u00fcksek kaliteli e\u011fitim standartlar\u0131, g\u00fcvenli ortam\u0131 ve do\u011fa harikas\u0131 manzaralar\u0131 ile yaz okullar\u0131 i\u00e7in ideal bir destinasyondur. Bir\u00e7ok uluslararas\u0131 \u00f6\u011frenci, \u0130ngilizce, Frans\u0131zca veya Almanca dil becerilerini geli\u015ftirmek, ayn\u0131 zamanda farkl\u0131 k\u00fclt\u00fcrlerle tan\u0131\u015fmak i\u00e7in \u0130svi\u00e7re\u2019de yaz okulu programlar\u0131na kat\u0131lmaktad\u0131r.\n\n<\/p><\/div>\t\t\t\t<\/div>\n\t\t\t\t<\/div>\n\t\t\t\t<div class=\"elementor-element elementor-element-5638cc4 elementor-widget elementor-widget-text-editor\" data-id=\"5638cc4\" data-element_type=\"widget\" data-e-type=\"widget\" data-widget_type=\"text-editor.default\">\n\t\t\t\t<div class=\"elementor-widget-container\">\n\t\t\t\t\t\t\t\t\t<h2 style=\"font-size: 30px;\">\u0130svi\u00e7re Yaz Okulu Programlar\u0131 Aktivite ve Gezilerle Dolu<\/h2>\n<p class=\"\" data-start=\"479\" data-end=\"551\">\u0130svi\u00e7re yaz okullar\u0131 sadece dil e\u011fitimiyle s\u0131n\u0131rl\u0131 kalmaz, ayn\u0131 zamanda:<\/p>\n\n<ul data-start=\"552\" data-end=\"882\">\n \t<li class=\"\" data-start=\"552\" data-end=\"602\">\n<p class=\"\" data-start=\"554\" data-end=\"602\">Alpler\u2019de do\u011fa y\u00fcr\u00fcy\u00fc\u015fleri ve kamp aktiviteleri,<\/p>\n<\/li>\n \t<li class=\"\" data-start=\"603\" data-end=\"643\">\n<p class=\"\" data-start=\"605\" data-end=\"643\">G\u00f6l kenar\u0131nda kano ve yelken sporlar\u0131,<\/p>\n<\/li>\n \t<li class=\"\" data-start=\"644\" data-end=\"706\">\n<p class=\"\" data-start=\"646\" data-end=\"706\">M\u00fczeler, tarihi kasabalar ve \u00e7ikolata fabrikalar\u0131na geziler,<\/p>\n<\/li>\n \t<li class=\"\" data-start=\"707\" data-end=\"753\">\n<p class=\"\" data-start=\"709\" data-end=\"753\">Spor turnuvalar\u0131, sanat ve m\u00fczik at\u00f6lyeleri,<\/p>\n<\/li>\n \t<li class=\"\" data-start=\"754\" data-end=\"882\">\n<p class=\"\" data-start=\"756\" data-end=\"882\">Ak\u015fam e\u011flenceleri ve k\u00fclt\u00fcrel etkinliklerle dolu bir program sunar. \u00d6\u011frenciler hem \u00f6\u011frenir hem de unutulmaz an\u0131lar biriktirir.<\/p>\n<\/li>\n<\/ul>\t\t\t\t\t\t\t\t<\/div>\n\t\t\t\t<\/div>\n\t\t\t\t<div class=\"elementor-element elementor-element-cb34ec5 elementor-widget elementor-widget-text-editor\" data-id=\"cb34ec5\" data-element_type=\"widget\" data-e-type=\"widget\" data-widget_type=\"text-editor.default\">\n\t\t\t\t<div class=\"elementor-widget-container\">\n\t\t\t\t\t\t\t\t\t<h2 style=\"font-size: 30px;\">Program S\u00fcresi ve Esnek Se\u00e7enekler<\/h2><p class=\"\" data-start=\"923\" data-end=\"953\">\u0130svi\u00e7re yaz okulu programlar\u0131:<\/p><ul data-start=\"954\" data-end=\"1273\"><li class=\"\" data-start=\"954\" data-end=\"1002\"><p class=\"\" data-start=\"956\" data-end=\"1002\">Genellikle <strong data-start=\"967\" data-end=\"984\">2 ila 8 hafta<\/strong> aras\u0131nda de\u011fi\u015fir.<\/p><\/li><li class=\"\" data-start=\"1003\" data-end=\"1075\"><p class=\"\" data-start=\"1005\" data-end=\"1075\">Programlar Haziran sonunda ba\u015flay\u0131p A\u011fustos ortas\u0131na kadar devam eder.<\/p><\/li><li class=\"\" data-start=\"1076\" data-end=\"1170\"><p class=\"\" data-start=\"1078\" data-end=\"1170\">\u00d6\u011frenciler haftal\u0131k, iki haftal\u0131k veya tam d\u00f6nemlik (\u00f6rne\u011fin 6 hafta) kay\u0131t yapt\u0131rabilirler.<\/p><\/li><li class=\"\" data-start=\"1171\" data-end=\"1273\"><p class=\"\" data-start=\"1173\" data-end=\"1273\">Baz\u0131 okullar \u00f6zel iste\u011fe ba\u011fl\u0131 yo\u011funla\u015ft\u0131r\u0131lm\u0131\u015f kurslar veya akademik haz\u0131rl\u0131k programlar\u0131 da sunar.<\/p><\/li><\/ul>\t\t\t\t\t\t\t\t<\/div>\n\t\t\t\t<\/div>\n\t\t\t\t<div class=\"elementor-element elementor-element-8434f04 elementor-widget elementor-widget-text-editor\" data-id=\"8434f04\" data-element_type=\"widget\" data-e-type=\"widget\" data-widget_type=\"text-editor.default\">\n\t\t\t\t<div class=\"elementor-widget-container\">\n\t\t\t\t\t\t\t\t\t<h2 style=\"font-size: 30px;\">Ya\u015f Gruplar\u0131na Uygun Programlar<\/h2><p class=\"\" data-start=\"1311\" data-end=\"1372\">\u0130svi\u00e7re\u2019deki yaz okullar\u0131 ya\u015f gruplar\u0131na \u00f6zel haz\u0131rlanm\u0131\u015ft\u0131r:<\/p><ul data-start=\"1373\" data-end=\"1718\"><li class=\"\" data-start=\"1373\" data-end=\"1436\"><p class=\"\" data-start=\"1375\" data-end=\"1436\"><strong data-start=\"1375\" data-end=\"1387\">7-12 ya\u015f<\/strong> i\u00e7in e\u011flenceli \u00f6\u011frenme odakl\u0131 \u00e7ocuk programlar\u0131,<\/p><\/li><li class=\"\" data-start=\"1437\" data-end=\"1495\"><p class=\"\" data-start=\"1439\" data-end=\"1495\"><strong data-start=\"1439\" data-end=\"1452\">13-17 ya\u015f<\/strong> i\u00e7in daha akademik ve ba\u011f\u0131ms\u0131z programlar,<\/p><\/li><li class=\"\" data-start=\"1496\" data-end=\"1718\"><p class=\"\" data-start=\"1498\" data-end=\"1718\"><strong data-start=\"1498\" data-end=\"1517\">16 ya\u015f ve \u00fczeri<\/strong> \u00f6\u011frenciler i\u00e7in \u00fcniversite haz\u0131rl\u0131k, liderlik e\u011fitimi ve ileri seviye dil kurslar\u0131 mevcuttur. Programlar \u00f6\u011frencilerin ya\u015f\u0131na ve dil seviyesine g\u00f6re grupland\u0131r\u0131larak verimli bir e\u011fitim ortam\u0131 sa\u011flan\u0131r.<\/p><\/li><\/ul>\t\t\t\t\t\t\t\t<\/div>\n\t\t\t\t<\/div>\n\t\t\t\t<div class=\"elementor-element elementor-element-fd4b423 elementor-widget elementor-widget-text-editor\" data-id=\"fd4b423\" data-element_type=\"widget\" data-e-type=\"widget\" data-widget_type=\"text-editor.default\">\n\t\t\t\t<div class=\"elementor-widget-container\">\n\t\t\t\t\t\t\t\t\t<h2 style=\"font-size: 30px;\">Konaklama Se\u00e7enekleri: Rahat, G\u00fcvenli ve Konforlu<\/h2><p class=\"\" data-start=\"1774\" data-end=\"1854\">\u0130svi\u00e7re yaz okullar\u0131 \u00f6\u011frencilere \u00f6zenle haz\u0131rlanm\u0131\u015f konaklama se\u00e7enekleri sunar:<\/p><ul data-start=\"1855\" data-end=\"2318\"><li class=\"\" data-start=\"1855\" data-end=\"1978\"><p class=\"\" data-start=\"1857\" data-end=\"1978\"><strong data-start=\"1857\" data-end=\"1877\">\u00d6\u011frenci Yurtlar\u0131<\/strong>: Modern, g\u00fcvenli ve kamp\u00fcslere yak\u0131n konaklama tesisleri. 7\/24 g\u00f6zetim ve destek hizmetleri bulunur.<\/p><\/li><li class=\"\" data-start=\"1979\" data-end=\"2109\"><p class=\"\" data-start=\"1981\" data-end=\"2109\"><strong data-start=\"1981\" data-end=\"2004\">Aile Yan\u0131 Konaklama<\/strong>: \u0130svi\u00e7reli ailelerin yan\u0131nda kalarak hem dil prati\u011fi yapma hem de yerel k\u00fclt\u00fcr\u00fc yak\u0131ndan tan\u0131ma f\u0131rsat\u0131.<\/p><\/li><li class=\"\" data-start=\"2110\" data-end=\"2318\"><p class=\"\" data-start=\"2112\" data-end=\"2318\"><strong data-start=\"2112\" data-end=\"2130\">\u00d6zel Konaklama<\/strong>: Daha ba\u011f\u0131ms\u0131z ya\u015famak isteyen b\u00fcy\u00fck ya\u015f gruplar\u0131 i\u00e7in apartman tarz\u0131 se\u00e7enekler. T\u00fcm konaklama birimleri, g\u00fcvenlik, hijyen ve \u00f6\u011frenci konforu standartlar\u0131na uygun \u015fekilde d\u00fczenlenmi\u015ftir.<\/p><\/li><\/ul>\t\t\t\t\t\t\t\t<\/div>\n\t\t\t\t<\/div>\n\t\t\t\t\t<\/div>\n\t\t\t\t<\/div>\n\t\t<div class=\"elementor-element elementor-element-f10bd0f e-flex e-con-boxed e-con e-parent\" data-id=\"f10bd0f\" data-element_type=\"container\" data-e-type=\"container\">\n\t\t\t\t\t<div class=\"e-con-inner\">\n\t\t\t\t<div class=\"elementor-element elementor-element-ef9d45a elementor-widget elementor-widget-eduracatlist\" data-id=\"ef9d45a\" data-element_type=\"widget\" data-e-type=\"widget\" data-widget_type=\"eduracatlist.default\">\n\t\t\t\t<div class=\"elementor-widget-container\">\n\t\t\t\t\t<div class=\"category-sec-wrap\"><div class=\"shape-mockup category-shape-arrow d-xl-block d-none\"><img decoding=\"async\" src=\"https:\/\/themeholy.com\/wordpress\/edura\/wp-content\/uploads\/2023\/07\/category-arrow.svg\" alt=\"category arrow\"  \/><\/div><div class=\"row\"><div class=\"col-xl-4\"><div class=\"title-area mb-25 mb-lg-0 text-xl-start text-center\"><span class=\"sub-title th-sub\"><i class=\"fal fa-book me-2\"><\/i> \u00d6\u011frenci \u0130\u015fleri<\/span><h2 class=\"sec-title th-title\">Dual Study Abroad<br>Ba\u015fvuru Formlar\u0131<\/h2><a href=\"\/en\/ogrenci-isleri\/\" class=\"th-btn th_btn\">T\u00fcm Formlar\u0131m\u0131z\u0131 G\u00f6r\u00fcn<i class=\"fa-regular fa-arrow-right ms-2\"><\/i><\/a><\/div><\/div><div class=\"col-xl-8\"><div class=\"row slider-shadow th-carousel category-slider\" data-slide-show=\"4\" data-ml-slide-show=\"3\" data-md-slide-show=\"3\" data-sm-slide-show=\"2\" data-arrows=\"true\" data-xl-arrows=\"true\"><div class=\"col-md-6 col-xl-4\"><div class=\"category-card\"><div class=\"category-card_icon\"><img decoding=\"async\" src=\"https:\/\/dualstudyabroad.co.uk\/wp-content\/uploads\/2025\/03\/exam2-2.svg\" alt=\"exam2 2\"  \/><\/div><div class=\"category-card_content\"><h3 class=\"category-card_title e-title\"><a href=\"\/en\/yurtdisi-universite-yuksek-lisans-on-gorusme-talep-formu\/\">Yurtd\u0131\u015f\u0131 Lisans\u00fcst\u00fc G\u00f6r\u00fc\u015fme Formu<\/a><\/h3><a href=\"\/en\/yurtdisi-universite-yuksek-lisans-on-gorusme-talep-formu\/\" class=\"th-btn th_btn2\">Ba\u015fvurun <i class=\"fa-solid fa-arrow-right ms-1\"><\/i> <\/a><\/div><\/div><\/div><div class=\"col-md-6 col-xl-4\"><div class=\"category-card\"><div class=\"category-card_icon\"><img decoding=\"async\" src=\"https:\/\/dualstudyabroad.co.uk\/wp-content\/uploads\/2025\/03\/exam2-2.svg\" alt=\"exam2 2\"  \/><\/div><div class=\"category-card_content\"><h3 class=\"category-card_title e-title\"><a href=\"\/en\/yurt-disi-universite-on-gorusme-talep-formu\/\">Yurtd\u0131\u015f\u0131 \u00dcniversite G\u00f6r\u00fc\u015fme Formu<\/a><\/h3><a href=\"\/en\/yurt-disi-universite-on-gorusme-talep-formu\/\" class=\"th-btn th_btn2\">Ba\u015fvurun <i class=\"fa-solid fa-arrow-right ms-1\"><\/i> <\/a><\/div><\/div><\/div><div class=\"col-md-6 col-xl-4\"><div class=\"category-card\"><div class=\"category-card_icon\"><img decoding=\"async\" src=\"https:\/\/dualstudyabroad.co.uk\/wp-content\/uploads\/2025\/03\/exam2-2.svg\" alt=\"exam2 2\"  \/><\/div><div class=\"category-card_content\"><h3 class=\"category-card_title e-title\"><a href=\"\/en\/yurtdisi-egitim-bilgilendirme-talep-formu-5-19-yas\/\">Yurtd\u0131\u015f\u0131 E\u011fitim Bilgi Formu (5-19 Ya\u015f)<\/a><\/h3><a href=\"\/en\/yurtdisi-egitim-bilgilendirme-talep-formu-5-19-yas\/\" class=\"th-btn th_btn2\">Ba\u015fvurun <i class=\"fa-solid fa-arrow-right ms-1\"><\/i> <\/a><\/div><\/div><\/div><div class=\"col-md-6 col-xl-4\"><div class=\"category-card\"><div class=\"category-card_icon\"><img decoding=\"async\" src=\"https:\/\/dualstudyabroad.co.uk\/wp-content\/uploads\/2025\/03\/exam2-2.svg\" alt=\"exam2 2\"  \/><\/div><div class=\"category-card_content\"><h3 class=\"category-card_title e-title\"><a href=\"\/en\/on-bilgilendirme-formu\/\">Yurtd\u0131\u015f\u0131 E\u011fitim Bilgilendirme Formu<\/a><\/h3><a href=\"\/en\/on-bilgilendirme-formu\/\" class=\"th-btn th_btn2\">Ba\u015fvurun <i class=\"fa-solid fa-arrow-right ms-1\"><\/i> <\/a><\/div><\/div><\/div><div class=\"col-md-6 col-xl-4\"><div class=\"category-card\"><div class=\"category-card_icon\"><img decoding=\"async\" src=\"https:\/\/dualstudyabroad.co.uk\/wp-content\/uploads\/2025\/03\/exam2-2.svg\" alt=\"exam2 2\"  \/><\/div><div class=\"category-card_content\"><h3 class=\"category-card_title e-title\"><a href=\"\/en\/on-kayit-formu-5-17-yas\/\">Yurtd\u0131\u015f\u0131 E\u011fitim Kay\u0131t Formu (5-17 Ya\u015f)<\/a><\/h3><a href=\"\/en\/on-kayit-formu-5-17-yas\/\" class=\"th-btn th_btn2\">Ba\u015fvurun <i class=\"fa-solid fa-arrow-right ms-1\"><\/i> <\/a><\/div><\/div><\/div><div class=\"col-md-6 col-xl-4\"><div class=\"category-card\"><div class=\"category-card_icon\"><img decoding=\"async\" src=\"https:\/\/dualstudyabroad.co.uk\/wp-content\/uploads\/2025\/03\/exam2-2.svg\" alt=\"exam2 2\"  \/><\/div><div class=\"category-card_content\"><h3 class=\"category-card_title e-title\"><a href=\"\/en\/on-kayit-formu-yetiskin\/\">Yurtd\u0131\u015f\u0131 E\u011fitim Kay\u0131t Formu (Yeti\u015fkin)<\/a><\/h3><a href=\"\/en\/on-kayit-formu-yetiskin\/\" class=\"th-btn th_btn2\">Ba\u015fvurun <i class=\"fa-solid fa-arrow-right ms-1\"><\/i> <\/a><\/div><\/div><\/div><\/div><\/div><\/div> <\/div>\t\t\t\t<\/div>\n\t\t\t\t<\/div>\n\t\t<div class=\"elementor-element elementor-element-70aeb6d e-con-full e-flex e-con e-child\" data-id=\"70aeb6d\" data-element_type=\"container\" data-e-type=\"container\">\n\t\t\t\t<div class=\"elementor-element elementor-element-c3b86eb elementor-widget elementor-widget-edurasectiontitle\" data-id=\"c3b86eb\" data-element_type=\"widget\" data-e-type=\"widget\" data-widget_type=\"edurasectiontitle.default\">\n\t\t\t\t<div class=\"elementor-widget-container\">\n\t\t\t\t\t<div class=\"title-area mb-50\" ><span class=\"sub-title subtitle-selector\"><i class=\"fal fa-book me-2\"><\/i>SSS<\/span><h2 class=\"sec-title title-selector\">S\u0131k\u00e7a Sorulan Sorular<\/h2><\/div>\t\t\t\t<\/div>\n\t\t\t\t<\/div>\n\t\t<div class=\"elementor-element elementor-element-3332050 e-con-full e-flex e-con e-child\" data-id=\"3332050\" data-element_type=\"container\" data-e-type=\"container\">\n\t\t<div class=\"elementor-element elementor-element-00dff9e e-con-full e-flex e-con e-child\" data-id=\"00dff9e\" data-element_type=\"container\" data-e-type=\"container\">\n\t\t\t\t<div class=\"elementor-element elementor-element-8559b16 elementor-widget elementor-widget-html\" data-id=\"8559b16\" data-element_type=\"widget\" data-e-type=\"widget\" data-widget_type=\"html.default\">\n\t\t\t\t<div class=\"elementor-widget-container\">\n\t\t\t\t\t<style>\n    @keyframes rotateText {\n        from {\n            transform: rotate(0deg);\n        }\n\n        to {\n            transform: rotate(360deg);\n        }\n    }\n\n    .stamp {\n        position: relative;\n        width: 200px;\n        height: 200px;\n        border-radius: 50%;\n        display: flex;\n        align-items: center;\n        justify-content: center;\n    }\n\n    .stamp img {\n        width: 100px;\n        height: 100px;\n        position: absolute;\n        z-index: 2;\n    }\n\n    .text-circle {\n        position: absolute;\n        width: 100%;\n        height: 100%;\n        border-radius: 50%;\n        display: flex;\n        align-items: center;\n        justify-content: center;\n        font-size: 11px;\n        font-weight: bold;\n        animation: rotateText 20s linear infinite;\n        border: 3px solid #fff;\n        box-sizing: border-box;\n    }\n<\/style>\n\n<a href=\"\/en\/basvuru\/\" class=\"stamp\">\n    <svg id=\"Layer_1\" xmlns=\"http:\/\/www.w3.org\/2000\/svg\" version=\"1.1\" viewbox=\"0 0 52 52\" width=\"52px\" height=\"52px\">\n        <defs>\n            <style>\n                .st0 {\n                    fill: #000 !important;\n                }\n            <\/style>\n        <\/defs>\n        <path class=\"st0\"\n            d=\"M34.1,7c2.4,0,4.7-.2,6.7,1.2,4.6,3.1,2.5,9.2,3,13.9-.2,1.5-2.4,1.5-2.7,0-.4-2.8.6-7.2-.3-9.7s-4.1-2.7-6.7-2.7c.2,2.2-1.4,3.9-3.5,4.1-4.4-.3-9.2.3-13.5,0s-3.6-1.8-3.6-4c-1.5,0-3.1-.2-4.6.4s-2.3,2-2.4,3.5v28.6c.3,2.4,1.9,3.8,4.3,3.9,3.5.2,7.2-.2,10.7,0,1.5.4,1.4,2.5-.2,2.7-3.7-.3-7.9.3-11.6,0s-5.9-3.4-6-6.6V13.6c.2-2.7,1.9-5.1,4.5-6.1s3.5-.5,5.2-.5c0-1.9,1.1-3.5,3-3.9h14.6c1.9.3,3.1,2.1,3,3.9ZM17.3,5.7c-.6,0-.9.4-.9,1s0,2.8,0,3.5.3.7.7.8h13.5c.3,0,.6-.2.8-.5,0-1.2.2-2.8,0-4s-.3-.6-.7-.7h-13.4Z\" \/>\n        <path class=\"st0\"\n            d=\"M42.6,26.6c5-.6,7.4,4.9,4.1,8.7-3.6,4.2-8.3,7.9-12,12-1.1,1-4.1,1.4-5.6,1.5-4.7.3-2.8-5.2-2.2-7.8,4.1-4.6,8.7-8.8,13.1-13.3.7-.6,1.7-1.1,2.7-1.2ZM44.8,29.9c-.1,0-.5-.3-.6-.4-1.9-.8-2.8.8-4,2l3.1,3.2c.9-1,2.4-1.9,2.1-3.5s-.4-1-.7-1.3ZM28.7,46.2l3.9-.8,8.7-8.7-3-3h-.2s-8.7,8.6-8.7,8.6l-.7,3.9Z\" \/>\n        <path class=\"st0\" d=\"M14.4,20.7h15.5c1.6.2,1.6,2.4,0,2.7h-15.3c-1.4-.2-1.5-2.3-.2-2.7Z\" \/>\n        <path class=\"st0\"\n            d=\"M22.4,28.9c.8.8.4,2.2-.8,2.4-2.1.3-4.9-.2-7.1,0-1.6-.4-1.5-2.6.2-2.8s5.1-.2,6.6,0,.8.2,1.1.4Z\" \/>\n    <\/svg>\n\n    <svg class=\"text-circle\" viewbox=\"0 0 100 100\">\n        <path id=\"circlePath\" fill=\"none\" d=\"M 10,50 a 40,40 0 1,1 80,0 a 40,40 0 1,1 -80,0\" \/>\n        <text fill=\"#000\">\n            <textpath href=\"#circlePath\">DUAL STUDY ABROAD \u00dcCRETS\u0130Z DESTEK ALIN!<\/textpath>\n        <\/text>\n    <\/svg>\n<\/a>\t\t\t\t<\/div>\n\t\t\t\t<\/div>\n\t\t\t\t<\/div>\n\t\t<div class=\"elementor-element elementor-element-6323d9c e-con-full e-flex e-con e-child\" data-id=\"6323d9c\" data-element_type=\"container\" data-e-type=\"container\">\n\t\t\t\t<div class=\"elementor-element elementor-element-e850861 elementor-widget elementor-widget-html\" data-id=\"e850861\" data-element_type=\"widget\" data-e-type=\"widget\" data-widget_type=\"html.default\">\n\t\t\t\t<div class=\"elementor-widget-container\">\n\t\t\t\t\t<div class=\"university-faq-container\">\n    <div class=\"university-faq-row\">\n        <div class=\"university-faq-column\">\n            <!-- Second Column FAQs -->\n            <div class=\"university-faq-item\">\n                <div class=\"university-faq-question\">\n                    <h3>Vize ba\u015fvurusu s\u00fcrecinde destek sa\u011fl\u0131yor musunuz?<\/h3>\n                    <div class=\"university-faq-icon\">\n                        <span><\/span>\n                        <span><\/span>\n                    <\/div>\n                <\/div>\n                <div class=\"university-faq-answer\">\n                    <div class=\"university-faq-answer-inner\">\n                        <p>Evet, \u00f6\u011frencilerimizin vize ba\u015fvurusu s\u00fcrecinde gerekli belgeler, ba\u015fvuru ko\u015fullar\u0131 ve s\u00fcre\u00e7\n                            y\u00f6netimi konusunda dan\u0131\u015fmanl\u0131k deste\u011fi sunuyoruz.<\/p>\n                    <\/div>\n                <\/div>\n            <\/div>\n\n            <div class=\"university-faq-item\">\n                <div class=\"university-faq-question\">\n                    <h3>Sertifika programlar\u0131n\u0131z kimler i\u00e7in uygundur?<\/h3>\n                    <div class=\"university-faq-icon\">\n                        <span><\/span>\n                        <span><\/span>\n                    <\/div>\n                <\/div>\n                <div class=\"university-faq-answer\">\n                    <div class=\"university-faq-answer-inner\">\n                        <p>Uluslararas\u0131 ge\u00e7erlili\u011fe sahip mesleki sertifika programlar\u0131m\u0131z, kariyerini geli\u015ftirmek\n                            isteyen \u00f6\u011frenci ve profesyoneller i\u00e7in uygundur.<\/p>\n                    <\/div>\n                <\/div>\n            <\/div>\n\n            <div class=\"university-faq-item\">\n                <div class=\"university-faq-question\">\n                    <h3>Yurtd\u0131\u015f\u0131nda e\u011fitim sonras\u0131 kariyer deste\u011fi veriyor musunuz?<\/h3>\n                    <div class=\"university-faq-icon\">\n                        <span><\/span>\n                        <span><\/span>\n                    <\/div>\n                <\/div>\n                <div class=\"university-faq-answer\">\n                    <div class=\"university-faq-answer-inner\">\n                        <p>Y\u00fcksek lisans veya sertifika programlar\u0131 sonras\u0131 kariyer dan\u0131\u015fmanl\u0131\u011f\u0131 hizmetimiz ile,\n                            \u00f6\u011frencilerimize yurtd\u0131\u015f\u0131nda i\u015f ve kariyer planlamas\u0131 konular\u0131nda yol g\u00f6steriyoruz.<\/p>\n                    <\/div>\n                <\/div>\n            <\/div>\n\n            <div class=\"university-faq-item\">\n                <div class=\"university-faq-question\">\n                    <h3>Yurtd\u0131\u015f\u0131nda lisans ve y\u00fcksek lisans e\u011fitimi i\u00e7in nas\u0131l ba\u015fvuru yapabilirim?<\/h3>\n                    <div class=\"university-faq-icon\">\n                        <span><\/span>\n                        <span><\/span>\n                    <\/div>\n                <\/div>\n                <div class=\"university-faq-answer\">\n                    <div class=\"university-faq-answer-inner\">\n                        <p>\u00d6\u011frenciye \u00f6zel dan\u0131\u015fmanl\u0131k hizmetimiz ile uygun \u00fcniversite, b\u00f6l\u00fcm ve \u00fclke se\u00e7imini birlikte\n                            planlayarak ba\u015fvuru s\u00fcrecinizi ad\u0131m ad\u0131m y\u00f6netiyoruz.<\/p>\n                    <\/div>\n                <\/div>\n            <\/div>\n        <\/div>\n    <\/div>\n<\/div>\n\n<style>\n    .university-faq-container {\n        font-family: 'Segoe UI', 'Roboto', 'Helvetica Neue', sans-serif;\n        width: 98%;\n        \/* Full width to match the red box *\/\n        max-width: 100%;\n        \/* Remove max-width constraint *\/\n        margin: 0 auto;\n        padding: 0;\n        \/* Remove padding to maximize width *\/\n        --primary-color: #183041;\n        --secondary-color: #92251E;\n        --light-color: #f8f9fa;\n        --border-radius: 8px;\n        \/* Slightly reduced for better fit *\/\n        --transition-speed: 0.4s;\n    }\n\n    .university-faq-row {\n        display: flex;\n        flex-wrap: wrap;\n        gap: 20px;\n        \/* Reduced gap for better fit *\/\n        width: 100%;\n    }\n\n    .university-faq-column {\n        flex: 1;\n        min-width: 300px;\n    }\n\n    .university-faq-item {\n        margin-bottom: 15px;\n        \/* Reduced margin for better fit *\/\n        border-radius: var(--border-radius);\n        overflow: hidden;\n        box-shadow: 0 3px 15px rgba(0, 0, 0, 0.08);\n        background-color: white;\n        transform: translateY(0);\n        transition: transform 0.3s ease, box-shadow 0.3s ease;\n        opacity: 0;\n        animation: fadeIn 0.5s ease forwards;\n        animation-delay: calc(var(--animation-order) * 0.1s);\n    }\n\n    @keyframes fadeIn {\n        from {\n            opacity: 0;\n            transform: translateY(20px);\n        }\n\n        to {\n            opacity: 1;\n            transform: translateY(0);\n        }\n    }\n\n    .university-faq-item:hover {\n        transform: translateY(-3px);\n        box-shadow: 0 6px 20px rgba(0, 0, 0, 0.12);\n    }\n\n    .university-faq-question {\n        display: flex;\n        justify-content: space-between;\n        align-items: center;\n        padding: 16px 20px;\n        \/* Slightly reduced padding *\/\n        background: linear-gradient(135deg, var(--primary-color) 0%, #1e3c52 100%);\n        color: white !important;\n        cursor: pointer;\n        transition: all var(--transition-speed) ease;\n        position: relative;\n        overflow: hidden;\n    }\n\n    \/* Force text color to be white *\/\n    .university-faq-question h3,\n    .university-faq-question * {\n        color: white !important;\n    }\n\n    .university-faq-question::before {\n        content: '';\n        position: absolute;\n        top: 0;\n        left: 0;\n        width: 100%;\n        height: 100%;\n        background: linear-gradient(135deg, var(--secondary-color) 0%, #b33126 100%);\n        opacity: 0;\n        transition: opacity var(--transition-speed) ease;\n        z-index: 0;\n    }\n\n    .university-faq-question:hover::before {\n        opacity: 1;\n    }\n\n    .university-faq-question h3 {\n        margin: 0;\n        font-size: 16px;\n        \/* Slightly reduced font size *\/\n        font-weight: 500;\n        letter-spacing: 0.3px;\n        position: relative;\n        z-index: 1;\n        transition: transform 0.3s ease;\n        color: white !important;\n    }\n\n    .university-faq-question:hover h3 {\n        transform: translateX(5px);\n    }\n\n    .university-faq-icon {\n        position: relative;\n        width: 18px;\n        \/* Slightly reduced size *\/\n        height: 18px;\n        \/* Slightly reduced size *\/\n        z-index: 1;\n        transition: transform 0.5s ease;\n    }\n\n    .university-faq-icon span {\n        position: absolute;\n        background-color: white !important;\n        border-radius: 2px;\n        transition: all var(--transition-speed) ease;\n    }\n\n    .university-faq-icon span:first-child {\n        top: 50%;\n        left: 0;\n        width: 100%;\n        height: 2px;\n        transform: translateY(-50%);\n    }\n\n    .university-faq-icon span:last-child {\n        top: 0;\n        left: 50%;\n        width: 2px;\n        height: 100%;\n        transform: translateX(-50%);\n    }\n\n    .university-faq-item.active .university-faq-icon {\n        transform: rotate(180deg);\n    }\n\n    .university-faq-item.active .university-faq-icon span:last-child {\n        height: 0;\n    }\n\n    .university-faq-answer {\n        max-height: 0;\n        overflow: hidden;\n        transition: max-height var(--transition-speed) cubic-bezier(0, 1, 0, 1);\n        background-color: var(--light-color);\n    }\n\n    .university-faq-item.active .university-faq-answer {\n        max-height: 1000px;\n        transition: max-height var(--transition-speed) ease-in-out;\n    }\n\n    .university-faq-answer-inner {\n        padding: 0 20px;\n        \/* Slightly reduced padding *\/\n        height: 0;\n        opacity: 0;\n        transform: translateY(-20px);\n        transition: all var(--transition-speed) ease;\n    }\n\n    .university-faq-item.active .university-faq-answer-inner {\n        padding: 20px;\n        \/* Slightly reduced padding *\/\n        height: auto;\n        opacity: 1;\n        transform: translateY(0);\n    }\n\n    .university-faq-answer p {\n        margin: 0;\n        line-height: 1.6;\n        \/* Slightly reduced line height *\/\n        color: #333;\n        font-size: 15px;\n        \/* Slightly reduced font size *\/\n    }\n\n    \/* Responsive styles *\/\n    @media (max-width: 768px) {\n        .university-faq-row {\n            flex-direction: column;\n        }\n\n        .university-faq-column {\n            width: 100%;\n        }\n\n        .university-faq-question {\n            padding: 15px 18px;\n        }\n\n        .university-faq-question h3 {\n            font-size: 15px;\n        }\n\n        .university-faq-answer-inner {\n            padding: 18px !important;\n        }\n    }\n<\/style>\n\n<script>\n    document.addEventListener('DOMContentLoaded', function () {\n        const faqItems = document.querySelectorAll('.university-faq-item');\n\n        \/\/ Set animation order for entrance animation\n        faqItems.forEach((item, index) => {\n            item.style.setProperty('--animation-order', index);\n        });\n\n        faqItems.forEach(item => {\n            const question = item.querySelector('.university-faq-question');\n\n            question.addEventListener('click', () => {\n                \/\/ Toggle current item with animation\n                const isActive = item.classList.contains('active');\n\n                \/\/ Close all other items with animation\n                faqItems.forEach(otherItem => {\n                    if (otherItem !== item && otherItem.classList.contains('active')) {\n                        otherItem.classList.remove('active');\n                    }\n                });\n\n                \/\/ Toggle current item\n                if (isActive) {\n                    item.classList.remove('active');\n                } else {\n                    item.classList.add('active');\n                }\n            });\n        });\n    });\n<\/script>\t\t\t\t<\/div>\n\t\t\t\t<\/div>\n\t\t\t\t<\/div>\n\t\t\t\t<\/div>\n\t\t\t\t<\/div>\n\t\t\t\t\t<\/div>\n\t\t\t\t<\/div>\n\t\t\t\t<\/div>","protected":false},"excerpt":{"rendered":"<p>Dual Study Abroad \u0130svi\u00e7re Yaz Okullar\u0131 \u0130svi\u00e7re, y\u00fcksek kaliteli e\u011fitim standartlar\u0131, g\u00fcvenli ortam\u0131 ve do\u011fa harikas\u0131 manzaralar\u0131 ile yaz okullar\u0131 i\u00e7in ideal bir destinasyondur. Bir\u00e7ok uluslararas\u0131 \u00f6\u011frenci, \u0130ngilizce, Frans\u0131zca veya Almanca dil becerilerini geli\u015ftirmek, ayn\u0131 zamanda farkl\u0131 k\u00fclt\u00fcrlerle tan\u0131\u015fmak i\u00e7in \u0130svi\u00e7re\u2019de yaz okulu programlar\u0131na kat\u0131lmaktad\u0131r. \u0130svi\u00e7re Yaz Okulu Programlar\u0131 Aktivite ve Gezilerle Dolu \u0130svi\u00e7re yaz&#8230;<\/p>","protected":false},"author":1,"featured_media":0,"parent":0,"menu_order":0,"comment_status":"closed","ping_status":"closed","template":"template-builder.php","meta":{"footnotes":""},"class_list":["post-10544","page","type-page","status-publish","hentry"],"_links":{"self":[{"href":"https:\/\/dualstudyabroad.co.uk\/en\/wp-json\/wp\/v2\/pages\/10544","targetHints":{"allow":["GET"]}}],"collection":[{"href":"https:\/\/dualstudyabroad.co.uk\/en\/wp-json\/wp\/v2\/pages"}],"about":[{"href":"https:\/\/dualstudyabroad.co.uk\/en\/wp-json\/wp\/v2\/types\/page"}],"author":[{"embeddable":true,"href":"https:\/\/dualstudyabroad.co.uk\/en\/wp-json\/wp\/v2\/users\/1"}],"replies":[{"embeddable":true,"href":"https:\/\/dualstudyabroad.co.uk\/en\/wp-json\/wp\/v2\/comments?post=10544"}],"version-history":[{"count":4,"href":"https:\/\/dualstudyabroad.co.uk\/en\/wp-json\/wp\/v2\/pages\/10544\/revisions"}],"predecessor-version":[{"id":10554,"href":"https:\/\/dualstudyabroad.co.uk\/en\/wp-json\/wp\/v2\/pages\/10544\/revisions\/10554"}],"wp:attachment":[{"href":"https:\/\/dualstudyabroad.co.uk\/en\/wp-json\/wp\/v2\/media?parent=10544"}],"curies":[{"name":"wp","href":"https:\/\/api.w.org\/{rel}","templated":true}]}}